{"id":997,"date":"2023-03-11T19:14:47","date_gmt":"2023-03-11T18:14:47","guid":{"rendered":"https:\/\/cinemascotte.fr\/?page_id=997"},"modified":"2025-10-19T11:38:00","modified_gmt":"2025-10-19T09:38:00","slug":"programme-afrique-au-cine","status":"publish","type":"page","link":"https:\/\/cinemascotte.fr\/?page_id=997","title":{"rendered":"Programme \u00ab\u00a0Afrique au cin\u00e9 2023\u00a0\u00bb"},"content":{"rendered":"\n<div class=\"wp-block-columns is-layout-flex wp-container-core-columns-is-layout-9d6595d7 wp-block-columns-is-layout-flex\">\n<div class=\"wp-block-column is-layout-flow wp-block-column-is-layout-flow\">\n<figure class=\"wp-block-image size-full\"><a href=\"https:\/\/cinemascotte.fr\/?page_id=1048\"><img loading=\"lazy\" decoding=\"async\" width=\"310\" height=\"413\" src=\"https:\/\/cinemascotte.fr\/wp-content\/uploads\/2023\/03\/sous-les-figues.jpg\" alt=\"\" class=\"wp-image-989\" srcset=\"https:\/\/cinemascotte.fr\/wp-content\/uploads\/2023\/03\/sous-les-figues.jpg 310w, https:\/\/cinemascotte.fr\/wp-content\/uploads\/2023\/03\/sous-les-figues-225x300.jpg 225w, https:\/\/cinemascotte.fr\/wp-content\/uploads\/2023\/03\/sous-les-figues-87x116.jpg 87w\" sizes=\"auto, (max-width: 310px) 85vw, 310px\" \/><\/a><figcaption class=\"wp-element-caption\">mercredi 29\/3 \u00e0 18h dimanche 2\/4 \u00e0 20h30<\/figcaption><\/figure>\n<\/div>\n\n\n\n<div class=\"wp-block-column is-layout-flow wp-block-column-is-layout-flow\">\n<figure class=\"wp-block-image size-full\"><a href=\"https:\/\/cinemascotte.fr\/?page_id=1053\"><img loading=\"lazy\" decoding=\"async\" width=\"310\" height=\"413\" src=\"https:\/\/cinemascotte.fr\/wp-content\/uploads\/2023\/03\/saint-omer.jpg\" alt=\"\" class=\"wp-image-987\" srcset=\"https:\/\/cinemascotte.fr\/wp-content\/uploads\/2023\/03\/saint-omer.jpg 310w, https:\/\/cinemascotte.fr\/wp-content\/uploads\/2023\/03\/saint-omer-225x300.jpg 225w, https:\/\/cinemascotte.fr\/wp-content\/uploads\/2023\/03\/saint-omer-87x116.jpg 87w\" sizes=\"auto, (max-width: 310px) 85vw, 310px\" \/><\/a><figcaption class=\"wp-element-caption\">mercredi 29\/3 \u00e0 20h30  <br>lundi 3\/4 \u00e0 20h30<\/figcaption><\/figure>\n<\/div>\n\n\n\n<div class=\"wp-block-column has-white-background-color has-background is-layout-flow wp-block-column-is-layout-flow\">\n<figure class=\"wp-block-image size-full\"><a href=\"https:\/\/cinemascotte.fr\/?page_id=1064\"><img loading=\"lazy\" decoding=\"async\" width=\"310\" height=\"413\" src=\"https:\/\/cinemascotte.fr\/wp-content\/uploads\/2023\/03\/lingui.jpg\" alt=\"\" class=\"wp-image-985\" srcset=\"https:\/\/cinemascotte.fr\/wp-content\/uploads\/2023\/03\/lingui.jpg 310w, https:\/\/cinemascotte.fr\/wp-content\/uploads\/2023\/03\/lingui-225x300.jpg 225w, https:\/\/cinemascotte.fr\/wp-content\/uploads\/2023\/03\/lingui-87x116.jpg 87w\" sizes=\"auto, (max-width: 310px) 85vw, 310px\" \/><\/a><figcaption class=\"wp-element-caption\">vendredi 31\/3 \u00e0 18h<\/figcaption><\/figure>\n<\/div>\n\n\n\n<div class=\"wp-block-column is-layout-flow wp-block-column-is-layout-flow\">\n<figure class=\"wp-block-image size-full\"><a href=\"https:\/\/cinemascotte.fr\/?page_id=1066\"><img loading=\"lazy\" decoding=\"async\" width=\"310\" height=\"413\" src=\"https:\/\/cinemascotte.fr\/wp-content\/uploads\/2023\/03\/un-petit-frere.jpg\" alt=\"\" class=\"wp-image-981\" srcset=\"https:\/\/cinemascotte.fr\/wp-content\/uploads\/2023\/03\/un-petit-frere.jpg 310w, https:\/\/cinemascotte.fr\/wp-content\/uploads\/2023\/03\/un-petit-frere-225x300.jpg 225w, https:\/\/cinemascotte.fr\/wp-content\/uploads\/2023\/03\/un-petit-frere-87x116.jpg 87w\" sizes=\"auto, (max-width: 310px) 85vw, 310px\" \/><\/a><figcaption class=\"wp-element-caption\">vendredi 31\/3 \u00e0 20h30 <br>mardi 4\/4 \u00e0 18h00<\/figcaption><\/figure>\n<\/div>\n<\/div>\n\n\n\n<div class=\"wp-block-media-text alignwide is-stacked-on-mobile is-vertically-aligned-center\" style=\"grid-template-columns:22% auto\"><figure class=\"wp-block-media-text__media\"><a href=\"https:\/\/cinemascotte.fr\/?page_id=1058\"><img loading=\"lazy\" decoding=\"async\" width=\"195\" height=\"272\" src=\"https:\/\/cinemascotte.fr\/wp-content\/uploads\/2023\/03\/si-tu-es-homme-2.jpg\" alt=\"\" class=\"wp-image-1101 size-full\" srcset=\"https:\/\/cinemascotte.fr\/wp-content\/uploads\/2023\/03\/si-tu-es-homme-2.jpg 195w, https:\/\/cinemascotte.fr\/wp-content\/uploads\/2023\/03\/si-tu-es-homme-2-83x116.jpg 83w\" sizes=\"auto, (max-width: 195px) 85vw, 195px\" \/><\/a><\/figure><div class=\"wp-block-media-text__content\">\n<p class=\"has-text-align-center has-background\" style=\"background-color:#fb7e45;font-size:14px\"><strong>Jeudi 30 mars \u00e0 20h00, en pr\u00e9sence du r\u00e9alisateur Simon Panay<\/strong><\/p>\n<\/div><\/div>\n\n\n\n<h3 class=\"wp-block-heading has-text-align-center has-white-color has-text-color has-background\" style=\"background-color:#2279b2;font-size:18px;text-transform:none\">Samedi 1er avril : Journ\u00e9e au profit du Mali<\/h3>\n\n\n\n<div class=\"wp-block-columns is-layout-flex wp-container-core-columns-is-layout-9d6595d7 wp-block-columns-is-layout-flex\">\n<div class=\"wp-block-column is-layout-flow wp-block-column-is-layout-flow\">\n<figure class=\"wp-block-image size-full\"><a href=\"https:\/\/cinemascotte.fr\/?page_id=1068\"><img loading=\"lazy\" decoding=\"async\" width=\"310\" height=\"413\" src=\"https:\/\/cinemascotte.fr\/wp-content\/uploads\/2023\/03\/histoires-de-petites-gens.jpg\" alt=\"\" class=\"wp-image-984\" srcset=\"https:\/\/cinemascotte.fr\/wp-content\/uploads\/2023\/03\/histoires-de-petites-gens.jpg 310w, https:\/\/cinemascotte.fr\/wp-content\/uploads\/2023\/03\/histoires-de-petites-gens-225x300.jpg 225w, https:\/\/cinemascotte.fr\/wp-content\/uploads\/2023\/03\/histoires-de-petites-gens-87x116.jpg 87w\" sizes=\"auto, (max-width: 310px) 85vw, 310px\" \/><\/a><figcaption class=\"wp-element-caption\"> 17h00<\/figcaption><\/figure>\n<\/div>\n\n\n\n<div class=\"wp-block-column is-layout-flow wp-block-column-is-layout-flow\">\n<h2 class=\"wp-block-heading has-text-align-center has-text-color\" style=\"color:#2279b2\"><a href=\"https:\/\/cinemascotte.fr\/?page_id=1068\">Carte blanche \u00e0 Simon Panay<\/a><\/h2>\n<\/div>\n\n\n\n<div class=\"wp-block-column is-layout-flow wp-block-column-is-layout-flow\">\n<figure class=\"wp-block-image size-full\"><a href=\"https:\/\/cinemascotte.fr\/?page_id=1068\"><img loading=\"lazy\" decoding=\"async\" width=\"713\" height=\"957\" src=\"https:\/\/cinemascotte.fr\/wp-content\/uploads\/2023\/03\/waiting-2-R3.jpg\" alt=\"\" class=\"wp-image-1005\" srcset=\"https:\/\/cinemascotte.fr\/wp-content\/uploads\/2023\/03\/waiting-2-R3.jpg 713w, https:\/\/cinemascotte.fr\/wp-content\/uploads\/2023\/03\/waiting-2-R3-224x300.jpg 224w, https:\/\/cinemascotte.fr\/wp-content\/uploads\/2023\/03\/waiting-2-R3-86x116.jpg 86w\" sizes=\"auto, (max-width: 713px) 85vw, 713px\" \/><\/a><figcaption class=\"wp-element-caption\">20h court m\u00e9trage<\/figcaption><\/figure>\n<\/div>\n\n\n\n<div class=\"wp-block-column is-layout-flow wp-block-column-is-layout-flow\">\n<figure class=\"wp-block-image size-full\"><a href=\"https:\/\/cinemascotte.fr\/?page_id=1068\"><img loading=\"lazy\" decoding=\"async\" width=\"310\" height=\"413\" src=\"https:\/\/cinemascotte.fr\/wp-content\/uploads\/2023\/03\/aya.jpg\" alt=\"\" class=\"wp-image-983\" srcset=\"https:\/\/cinemascotte.fr\/wp-content\/uploads\/2023\/03\/aya.jpg 310w, https:\/\/cinemascotte.fr\/wp-content\/uploads\/2023\/03\/aya-225x300.jpg 225w, https:\/\/cinemascotte.fr\/wp-content\/uploads\/2023\/03\/aya-87x116.jpg 87w\" sizes=\"auto, (max-width: 310px) 85vw, 310px\" \/><\/a><figcaption class=\"wp-element-caption\">AYA \u00e0 20h00<\/figcaption><\/figure>\n<\/div>\n<\/div>\n\n\n\n<div class=\"wp-block-media-text alignwide has-media-on-the-right is-stacked-on-mobile\" style=\"grid-template-columns:auto 22%\"><div class=\"wp-block-media-text__content\">\n<p class=\"has-text-align-center has-background\" style=\"background-color:#ff9b5e;font-size:18px\"><strong>Lundi 3 avril<\/strong> \u00e0 18h00, s\u00e9ance anim\u00e9e par les \u00e9l\u00e8ves du lyc\u00e9e de l&rsquo;horticulture et du paysage de Tournus<\/p>\n<\/div><figure class=\"wp-block-media-text__media\"><a href=\"https:\/\/cinemascotte.fr\/?page_id=1074\"><img loading=\"lazy\" decoding=\"async\" width=\"310\" height=\"413\" src=\"https:\/\/cinemascotte.fr\/wp-content\/uploads\/2023\/03\/marcher-sur-leau.jpg\" alt=\"\" class=\"wp-image-986 size-full\" srcset=\"https:\/\/cinemascotte.fr\/wp-content\/uploads\/2023\/03\/marcher-sur-leau.jpg 310w, https:\/\/cinemascotte.fr\/wp-content\/uploads\/2023\/03\/marcher-sur-leau-225x300.jpg 225w, https:\/\/cinemascotte.fr\/wp-content\/uploads\/2023\/03\/marcher-sur-leau-87x116.jpg 87w\" sizes=\"auto, (max-width: 310px) 85vw, 310px\" \/><\/a><\/figure><\/div>\n\n\n\n<h2 class=\"wp-block-heading\">Horaires des s\u00e9ances<\/h2>\n\n\n\n<figure class=\"wp-block-image size-full\"><img loading=\"lazy\" decoding=\"async\" width=\"849\" height=\"312\" src=\"https:\/\/cinemascotte.fr\/wp-content\/uploads\/2024\/02\/grille-2023.jpg\" alt=\"\" class=\"wp-image-1817\" srcset=\"https:\/\/cinemascotte.fr\/wp-content\/uploads\/2024\/02\/grille-2023.jpg 849w, https:\/\/cinemascotte.fr\/wp-content\/uploads\/2024\/02\/grille-2023-300x110.jpg 300w, https:\/\/cinemascotte.fr\/wp-content\/uploads\/2024\/02\/grille-2023-768x282.jpg 768w, https:\/\/cinemascotte.fr\/wp-content\/uploads\/2024\/02\/grille-2023-228x84.jpg 228w\" sizes=\"auto, (max-width: 709px) 85vw, (max-width: 909px) 67vw, (max-width: 1362px) 62vw, 840px\" \/><\/figure>\n","protected":false},"excerpt":{"rendered":"<p>Jeudi 30 mars \u00e0 20h00, en pr\u00e9sence du r\u00e9alisateur Simon Panay Samedi 1er avril : Journ\u00e9e au profit du Mali Carte blanche \u00e0 Simon Panay Lundi 3 avril \u00e0 18h00, s\u00e9ance anim\u00e9e par les \u00e9l\u00e8ves du lyc\u00e9e de l&rsquo;horticulture et du paysage de Tournus Horaires des s\u00e9ances<\/p>\n","protected":false},"author":3,"featured_media":0,"parent":0,"menu_order":0,"comment_status":"closed","ping_status":"closed","template":"","meta":{"footnotes":""},"class_list":["post-997","page","type-page","status-publish","hentry"],"_links":{"self":[{"href":"https:\/\/cinemascotte.fr\/index.php?rest_route=\/wp\/v2\/pages\/997","targetHints":{"allow":["GET"]}}],"collection":[{"href":"https:\/\/cinemascotte.fr\/index.php?rest_route=\/wp\/v2\/pages"}],"about":[{"href":"https:\/\/cinemascotte.fr\/index.php?rest_route=\/wp\/v2\/types\/page"}],"author":[{"embeddable":true,"href":"https:\/\/cinemascotte.fr\/index.php?rest_route=\/wp\/v2\/users\/3"}],"replies":[{"embeddable":true,"href":"https:\/\/cinemascotte.fr\/index.php?rest_route=%2Fwp%2Fv2%2Fcomments&post=997"}],"version-history":[{"count":46,"href":"https:\/\/cinemascotte.fr\/index.php?rest_route=\/wp\/v2\/pages\/997\/revisions"}],"predecessor-version":[{"id":1820,"href":"https:\/\/cinemascotte.fr\/index.php?rest_route=\/wp\/v2\/pages\/997\/revisions\/1820"}],"wp:attachment":[{"href":"https:\/\/cinemascotte.fr\/index.php?rest_route=%2Fwp%2Fv2%2Fmedia&parent=997"}],"curies":[{"name":"wp","href":"https:\/\/api.w.org\/{rel}","templated":true}]}}