{"id":2,"date":"2019-07-11T13:25:38","date_gmt":"2019-07-11T11:25:38","guid":{"rendered":"http:\/\/cinemascotte.fr\/?page_id=2"},"modified":"2026-04-27T10:35:49","modified_gmt":"2026-04-27T08:35:49","slug":"page-d-exemple","status":"publish","type":"page","link":"https:\/\/cinemascotte.fr\/","title":{"rendered":"Toutes nos envies au cin\u00e9ma"},"content":{"rendered":"\n<h2 class=\"wp-block-heading has-text-align-center has-text-color has-background has-link-color wp-elements-704d6034616dc2c2cf833ce6b4c32c65\" style=\"color:#eb150a;background-color:#fddc09\">Cin\u00e9ma \u00e0 l&rsquo;auditorium de l&rsquo;H\u00f4tel-Dieu       (21 rue de l&rsquo;H\u00f4pital &#8211; Tournus) pendant les travaux au cin\u00e9ma La Palette<\/h2>\n\n\n\n<h2 class=\"wp-block-heading has-text-align-center\"><a href=\"https:\/\/cinemascotte.fr\/wp-admin\/post.php?post=2969&amp;action=edit\">Notre prochain film<\/a><\/h2>\n\n\n\n<h2 class=\"wp-block-heading has-text-align-center\">et mercredi 6 mai et dimanche 10 mai<\/h2>\n\n\n<div class=\"wp-block-image\">\n<figure class=\"aligncenter size-full is-resized\"><a href=\"https:\/\/cinemascotte.fr\/wp-admin\/post.php?post=2969&amp;action=edit\"><img loading=\"lazy\" decoding=\"async\" width=\"310\" height=\"420\" src=\"https:\/\/cinemascotte.fr\/wp-content\/uploads\/2026\/04\/les-dimanches.webp\" alt=\"\" class=\"wp-image-2935\" style=\"width:227px;height:auto\" srcset=\"https:\/\/cinemascotte.fr\/wp-content\/uploads\/2026\/04\/les-dimanches.webp 310w, https:\/\/cinemascotte.fr\/wp-content\/uploads\/2026\/04\/les-dimanches-221x300.webp 221w, https:\/\/cinemascotte.fr\/wp-content\/uploads\/2026\/04\/les-dimanches-86x116.webp 86w\" sizes=\"auto, (max-width: 310px) 85vw, 310px\" \/><\/a><figcaption class=\"wp-element-caption\">mercredi 10\/05 \u00e0 20h30 et dimanche 10\/05 \u00e0 18h00<\/figcaption><\/figure>\n<\/div>\n\n\n<h2 class=\"wp-block-heading has-text-align-center\"><a href=\"https:\/\/cinemascotte.fr\/wp-admin\/post.php?post=2967&amp;action=edit\">La programmation Cin\u00e9mascotte jusqu&rsquo;au 19 juillet 2026<\/a><\/h2>\n\n\n\n<div class=\"wp-block-columns is-layout-flex wp-container-core-columns-is-layout-9d6595d7 wp-block-columns-is-layout-flex\">\n<div class=\"wp-block-column is-layout-flow wp-block-column-is-layout-flow\">\n<div class=\"wp-block-columns is-layout-flex wp-container-core-columns-is-layout-9d6595d7 wp-block-columns-is-layout-flex\">\n<div class=\"wp-block-column is-layout-flow wp-block-column-is-layout-flow\">\n<figure class=\"wp-block-image size-full\"><a href=\"https:\/\/cinemascotte.fr\/wp-admin\/post.php?post=2969&amp;action=edit\"><img loading=\"lazy\" decoding=\"async\" width=\"310\" height=\"420\" src=\"https:\/\/cinemascotte.fr\/wp-content\/uploads\/2026\/04\/les-dimanches.webp\" alt=\"\" class=\"wp-image-2935\" srcset=\"https:\/\/cinemascotte.fr\/wp-content\/uploads\/2026\/04\/les-dimanches.webp 310w, https:\/\/cinemascotte.fr\/wp-content\/uploads\/2026\/04\/les-dimanches-221x300.webp 221w, https:\/\/cinemascotte.fr\/wp-content\/uploads\/2026\/04\/les-dimanches-86x116.webp 86w\" sizes=\"auto, (max-width: 310px) 85vw, 310px\" \/><\/a><figcaption class=\"wp-element-caption\">6\/05 \u00e0 20h30 et 10\/05 \u00e0 18h00<\/figcaption><\/figure>\n<\/div>\n\n\n\n<div class=\"wp-block-column is-layout-flow wp-block-column-is-layout-flow\">\n<figure class=\"wp-block-image size-full\"><img loading=\"lazy\" decoding=\"async\" width=\"310\" height=\"420\" src=\"https:\/\/cinemascotte.fr\/wp-content\/uploads\/2026\/04\/rue-malaga.jpg\" alt=\"\" class=\"wp-image-2936\" srcset=\"https:\/\/cinemascotte.fr\/wp-content\/uploads\/2026\/04\/rue-malaga.jpg 310w, https:\/\/cinemascotte.fr\/wp-content\/uploads\/2026\/04\/rue-malaga-221x300.jpg 221w, https:\/\/cinemascotte.fr\/wp-content\/uploads\/2026\/04\/rue-malaga-86x116.jpg 86w\" sizes=\"auto, (max-width: 310px) 85vw, 310px\" \/><figcaption class=\"wp-element-caption\">20\/05 \u00e0 20h30 et samedi 23 \u00e0 18h00<\/figcaption><\/figure>\n<\/div>\n<\/div>\n<\/div>\n\n\n\n<div class=\"wp-block-column is-layout-flow wp-block-column-is-layout-flow\">\n<div class=\"wp-block-columns is-layout-flex wp-container-core-columns-is-layout-9d6595d7 wp-block-columns-is-layout-flex\">\n<div class=\"wp-block-column is-layout-flow wp-block-column-is-layout-flow\">\n<figure class=\"wp-block-image size-large is-resized\"><a href=\"https:\/\/cinemascotte.fr\/wp-admin\/post.php?post=2973&amp;action=edit\"><img loading=\"lazy\" decoding=\"async\" width=\"752\" height=\"1024\" src=\"https:\/\/cinemascotte.fr\/wp-content\/uploads\/2026\/04\/is-this-thing-on-752x1024.webp\" alt=\"\" class=\"wp-image-2953\" style=\"aspect-ratio:0.6669997705273221;object-fit:cover;width:170px\" srcset=\"https:\/\/cinemascotte.fr\/wp-content\/uploads\/2026\/04\/is-this-thing-on-752x1024.webp 752w, https:\/\/cinemascotte.fr\/wp-content\/uploads\/2026\/04\/is-this-thing-on-220x300.webp 220w, https:\/\/cinemascotte.fr\/wp-content\/uploads\/2026\/04\/is-this-thing-on-768x1046.webp 768w, https:\/\/cinemascotte.fr\/wp-content\/uploads\/2026\/04\/is-this-thing-on-1128x1536.webp 1128w, https:\/\/cinemascotte.fr\/wp-content\/uploads\/2026\/04\/is-this-thing-on-85x116.webp 85w, https:\/\/cinemascotte.fr\/wp-content\/uploads\/2026\/04\/is-this-thing-on.webp 1175w\" sizes=\"auto, (max-width: 752px) 85vw, 752px\" \/><\/a><figcaption class=\"wp-element-caption\">3\/06 \u00e0 20h30 et 7\/06 \u00e0 18h00<\/figcaption><\/figure>\n<\/div>\n\n\n\n<div class=\"wp-block-column is-layout-flow wp-block-column-is-layout-flow\">\n<figure class=\"wp-block-image size-large\"><a href=\"https:\/\/cinemascotte.fr\/wp-admin\/post.php?post=2975&amp;action=edit\"><img loading=\"lazy\" decoding=\"async\" width=\"752\" height=\"1024\" src=\"https:\/\/cinemascotte.fr\/wp-content\/uploads\/2026\/04\/Yellow-letters-752x1024.jpg\" alt=\"\" class=\"wp-image-2938\" srcset=\"https:\/\/cinemascotte.fr\/wp-content\/uploads\/2026\/04\/Yellow-letters-752x1024.jpg 752w, https:\/\/cinemascotte.fr\/wp-content\/uploads\/2026\/04\/Yellow-letters-220x300.jpg 220w, https:\/\/cinemascotte.fr\/wp-content\/uploads\/2026\/04\/Yellow-letters-768x1046.jpg 768w, https:\/\/cinemascotte.fr\/wp-content\/uploads\/2026\/04\/Yellow-letters-1128x1536.jpg 1128w, https:\/\/cinemascotte.fr\/wp-content\/uploads\/2026\/04\/Yellow-letters-85x116.jpg 85w, https:\/\/cinemascotte.fr\/wp-content\/uploads\/2026\/04\/Yellow-letters.jpg 1175w\" sizes=\"auto, (max-width: 752px) 85vw, 752px\" \/><\/a><figcaption class=\"wp-element-caption\">17\/06 \u00e0 20h30 et samedi 20\/06 \u00e0 17h30<\/figcaption><\/figure>\n<\/div>\n<\/div>\n<\/div>\n<\/div>\n\n\n\n<div class=\"wp-block-columns is-layout-flex wp-container-core-columns-is-layout-9d6595d7 wp-block-columns-is-layout-flex\">\n<div class=\"wp-block-column is-layout-flow wp-block-column-is-layout-flow\">\n<div class=\"wp-block-columns is-layout-flex wp-container-core-columns-is-layout-9d6595d7 wp-block-columns-is-layout-flex\">\n<div class=\"wp-block-column is-layout-flow wp-block-column-is-layout-flow\">\n<figure class=\"wp-block-image size-full\"><a href=\"https:\/\/cinemascotte.fr\/wp-admin\/post.php?post=2977&amp;action=edit\"><img loading=\"lazy\" decoding=\"async\" width=\"719\" height=\"1024\" src=\"https:\/\/cinemascotte.fr\/wp-content\/uploads\/2026\/04\/un_monde_fragile_et_merveilleux.jpg\" alt=\"\" class=\"wp-image-2939\" style=\"aspect-ratio:0.7021388574430496;object-fit:cover\" srcset=\"https:\/\/cinemascotte.fr\/wp-content\/uploads\/2026\/04\/un_monde_fragile_et_merveilleux.jpg 719w, https:\/\/cinemascotte.fr\/wp-content\/uploads\/2026\/04\/un_monde_fragile_et_merveilleux-211x300.jpg 211w, https:\/\/cinemascotte.fr\/wp-content\/uploads\/2026\/04\/un_monde_fragile_et_merveilleux-81x116.jpg 81w\" sizes=\"auto, (max-width: 719px) 85vw, 719px\" \/><\/a><figcaption class=\"wp-element-caption\">vendredi 26 juin 18h<\/figcaption><\/figure>\n<\/div>\n\n\n\n<div class=\"wp-block-column is-layout-flow wp-block-column-is-layout-flow\">\n<figure class=\"wp-block-image size-medium\"><a href=\"https:\/\/cinemascotte.fr\/wp-admin\/post.php?post=2979&amp;action=edit\"><img loading=\"lazy\" decoding=\"async\" width=\"225\" height=\"300\" src=\"https:\/\/cinemascotte.fr\/wp-content\/uploads\/2026\/04\/la-reconquista-225x300.jpg\" alt=\"\" class=\"wp-image-2942\" style=\"object-fit:cover\" srcset=\"https:\/\/cinemascotte.fr\/wp-content\/uploads\/2026\/04\/la-reconquista-225x300.jpg 225w, https:\/\/cinemascotte.fr\/wp-content\/uploads\/2026\/04\/la-reconquista-768x1024.jpg 768w, https:\/\/cinemascotte.fr\/wp-content\/uploads\/2026\/04\/la-reconquista-1152x1536.jpg 1152w, https:\/\/cinemascotte.fr\/wp-content\/uploads\/2026\/04\/la-reconquista-87x116.jpg 87w, https:\/\/cinemascotte.fr\/wp-content\/uploads\/2026\/04\/la-reconquista.jpg 1200w\" sizes=\"auto, (max-width: 225px) 85vw, 225px\" \/><\/a><figcaption class=\"wp-element-caption\">vendredi 26 juin \u00e0 21h<\/figcaption><\/figure>\n<\/div>\n<\/div>\n<\/div>\n\n\n\n<div class=\"wp-block-column is-layout-flow wp-block-column-is-layout-flow\">\n<div class=\"wp-block-columns is-layout-flex wp-container-core-columns-is-layout-9d6595d7 wp-block-columns-is-layout-flex\">\n<div class=\"wp-block-column is-layout-flow wp-block-column-is-layout-flow\">\n<figure class=\"wp-block-image size-medium\"><a href=\"https:\/\/cinemascotte.fr\/wp-admin\/post.php?post=2981&amp;action=edit\"><img loading=\"lazy\" decoding=\"async\" width=\"208\" height=\"300\" src=\"https:\/\/cinemascotte.fr\/wp-content\/uploads\/2026\/04\/le_garcon_qui_faisait_danser_les_collines-2-208x300.jpg\" alt=\"\" class=\"wp-image-2941\" style=\"aspect-ratio:0.6923675375796319;object-fit:cover\" srcset=\"https:\/\/cinemascotte.fr\/wp-content\/uploads\/2026\/04\/le_garcon_qui_faisait_danser_les_collines-2-208x300.jpg 208w, https:\/\/cinemascotte.fr\/wp-content\/uploads\/2026\/04\/le_garcon_qui_faisait_danser_les_collines-2-709x1024.jpg 709w, https:\/\/cinemascotte.fr\/wp-content\/uploads\/2026\/04\/le_garcon_qui_faisait_danser_les_collines-2-80x116.jpg 80w, https:\/\/cinemascotte.fr\/wp-content\/uploads\/2026\/04\/le_garcon_qui_faisait_danser_les_collines-2.jpg 748w\" sizes=\"auto, (max-width: 208px) 85vw, 208px\" \/><\/a><figcaption class=\"wp-element-caption\">01\/07 \u00e0 20h30 et 5\/07 \u00e0 18h00<\/figcaption><\/figure>\n<\/div>\n\n\n\n<div class=\"wp-block-column is-layout-flow wp-block-column-is-layout-flow\">\n<figure class=\"wp-block-image size-medium\"><a href=\"https:\/\/cinemascotte.fr\/wp-admin\/post.php?post=2983&amp;action=edit\"><img loading=\"lazy\" decoding=\"async\" width=\"225\" height=\"300\" src=\"https:\/\/cinemascotte.fr\/wp-content\/uploads\/2026\/04\/vivaldi-225x300.webp\" alt=\"\" class=\"wp-image-2940\" srcset=\"https:\/\/cinemascotte.fr\/wp-content\/uploads\/2026\/04\/vivaldi-225x300.webp 225w, https:\/\/cinemascotte.fr\/wp-content\/uploads\/2026\/04\/vivaldi-768x1024.webp 768w, https:\/\/cinemascotte.fr\/wp-content\/uploads\/2026\/04\/vivaldi-1152x1536.webp 1152w, https:\/\/cinemascotte.fr\/wp-content\/uploads\/2026\/04\/vivaldi-87x116.webp 87w, https:\/\/cinemascotte.fr\/wp-content\/uploads\/2026\/04\/vivaldi.webp 1200w\" sizes=\"auto, (max-width: 225px) 85vw, 225px\" \/><\/a><figcaption class=\"wp-element-caption\">15\/07 \u00e0 20h30 et 19\/07 \u00e0 18h00<\/figcaption><\/figure>\n<\/div>\n<\/div>\n<\/div>\n<\/div>\n","protected":false},"excerpt":{"rendered":"<p>Cin\u00e9ma \u00e0 l&rsquo;auditorium de l&rsquo;H\u00f4tel-Dieu (21 rue de l&rsquo;H\u00f4pital &#8211; Tournus) pendant les travaux au cin\u00e9ma La Palette Notre prochain film et mercredi 6 mai et dimanche 10 mai La programmation Cin\u00e9mascotte jusqu&rsquo;au 19 juillet 2026<\/p>\n","protected":false},"author":3,"featured_media":0,"parent":2304,"menu_order":0,"comment_status":"closed","ping_status":"open","template":"","meta":{"footnotes":""},"class_list":["post-2","page","type-page","status-publish","hentry"],"_links":{"self":[{"href":"https:\/\/cinemascotte.fr\/index.php?rest_route=\/wp\/v2\/pages\/2","targetHints":{"allow":["GET"]}}],"collection":[{"href":"https:\/\/cinemascotte.fr\/index.php?rest_route=\/wp\/v2\/pages"}],"about":[{"href":"https:\/\/cinemascotte.fr\/index.php?rest_route=\/wp\/v2\/types\/page"}],"author":[{"embeddable":true,"href":"https:\/\/cinemascotte.fr\/index.php?rest_route=\/wp\/v2\/users\/3"}],"replies":[{"embeddable":true,"href":"https:\/\/cinemascotte.fr\/index.php?rest_route=%2Fwp%2Fv2%2Fcomments&post=2"}],"version-history":[{"count":440,"href":"https:\/\/cinemascotte.fr\/index.php?rest_route=\/wp\/v2\/pages\/2\/revisions"}],"predecessor-version":[{"id":3009,"href":"https:\/\/cinemascotte.fr\/index.php?rest_route=\/wp\/v2\/pages\/2\/revisions\/3009"}],"up":[{"embeddable":true,"href":"https:\/\/cinemascotte.fr\/index.php?rest_route=\/wp\/v2\/pages\/2304"}],"wp:attachment":[{"href":"https:\/\/cinemascotte.fr\/index.php?rest_route=%2Fwp%2Fv2%2Fmedia&parent=2"}],"curies":[{"name":"wp","href":"https:\/\/api.w.org\/{rel}","templated":true}]}}